{"id":3609,"date":"2020-07-13T16:38:14","date_gmt":"2020-07-13T19:38:14","guid":{"rendered":"https:\/\/www.casasparaty.com.br\/imoveis\/?post_type=estate&#038;p=3609"},"modified":"2025-07-28T14:18:22","modified_gmt":"2025-07-28T17:18:22","slug":"casa-para-aluguel-mensal-em-paraty-no-bairro-cabore-paraty","status":"publish","type":"estate","link":"https:\/\/www.casasparaty.com.br\/imoveis\/Propriedades\/aluguel-mensal-em-paraty\/paraty\/casa-para-aluguel-mensal-em-paraty-no-bairro-cabore-paraty\/","title":{"rendered":"Aluguel03 &#8211; J\u00c1 ALUGADA!!! Casa para aluguel mensal em Paraty no bairro Cabor\u00ea &#8211; Paraty"},"content":{"rendered":"<p>Casa para loca\u00e7\u00e3o mensal com 3 quartos (sendo uma suite) localizada em Condom\u00ednio no bairro Cabore.<\/p>\n<p><strong>Valor: R$ 4.200,00 por mes + IPTU<\/strong><\/p>\n<h3><b>COMO ALUGAR ESTE IM\u00d3VEL:<\/b><\/h3>\n<p>A imobili\u00e1ria trabalha conforme prev\u00ea a Lei do Inquilinato 8245\/91 com as seguintes condi\u00e7\u00f5es para que uma loca\u00e7\u00e3o mensal seja efetuada:<br \/>\n\u2013 contrato de loca\u00e7\u00e3o pelo\u00a0<b>prazo de 30 meses<\/b>\u00a0podendo ou n\u00e3o (depende do acordado entre Locador e Locat\u00e1rio) ser rescindido ap\u00f3s um ano sem cobran\u00e7a de multa;<br \/>\n\u2013\u00a0<b>a garantia exigida \u00e9 cau\u00e7\u00e3o de 3 meses<\/b>\u00a0antecipados o valor do aluguel, que ao t\u00e9rmino do contrato s\u00e3o devolvidos integralmente reajustados pelo \u00edndice da poupan\u00e7a caso n\u00e3o haja nada a ser reparado no im\u00f3vel (art. 37)<br \/>\n\u2013 a documenta\u00e7\u00e3o exigida \u00e9 cpf, rg, comprovante de endere\u00e7o e comprovante de renda.<\/p>\n","protected":false},"author":1,"featured_media":3625,"template":"","class_list":["post-3609","estate","type-estate","status-publish","has-post-thumbnail","hentry","property-type-aluguel-mensal-em-paraty","city-paraty","neighborhood-cabore"],"acf":[],"yoast_head":"<!-- This site is optimized with the Yoast SEO Premium plugin v24.7 (Yoast SEO v27.4) - https:\/\/yoast.com\/product\/yoast-seo-premium-wordpress\/ -->\n<title>Aluguel03 - J\u00c1 ALUGADA!!! Casa para aluguel mensal em Paraty no bairro Cabor\u00ea - Paraty - Imobili\u00e1ria Casas Paraty<\/title>\n<meta name=\"robots\" content=\"index, follow, max-snippet:-1, max-image-preview:large, max-video-preview:-1\" \/>\n<link rel=\"canonical\" href=\"https:\/\/www.casasparaty.com.br\/imoveis\/Propriedades\/aluguel-mensal-em-paraty\/paraty\/casa-para-aluguel-mensal-em-paraty-no-bairro-cabore-paraty\/\" \/>\n<meta property=\"og:locale\" content=\"pt_BR\" \/>\n<meta property=\"og:type\" content=\"article\" \/>\n<meta property=\"og:title\" content=\"Aluguel03 - J\u00c1 ALUGADA!!! Casa para aluguel mensal em Paraty no bairro Cabor\u00ea - Paraty - Imobili\u00e1ria Casas Paraty\" \/>\n<meta property=\"og:description\" content=\"Aluguel03 - J\u00c1 ALUGADA!!! Casa para aluguel mensal em Paraty no bairro Cabor\u00ea - Paraty - Imobili\u00e1ria Casas Paraty\" \/>\n<meta property=\"og:url\" content=\"https:\/\/www.casasparaty.com.br\/imoveis\/Propriedades\/aluguel-mensal-em-paraty\/paraty\/casa-para-aluguel-mensal-em-paraty-no-bairro-cabore-paraty\/\" \/>\n<meta property=\"og:site_name\" content=\"Imobili\u00e1ria Casas Paraty\" \/>\n<meta property=\"article:modified_time\" content=\"2025-07-28T17:18:22+00:00\" \/>\n<meta property=\"og:image\" content=\"https:\/\/www.casasparaty.com.br\/imoveis\/wp-content\/uploads\/2020\/07\/WhatsApp-Image-2019-11-01-at-10.59.26.jpeg\" \/>\n\t<meta property=\"og:image:width\" content=\"1080\" \/>\n\t<meta property=\"og:image:height\" content=\"810\" \/>\n\t<meta property=\"og:image:type\" content=\"image\/jpeg\" \/>\n<meta name=\"twitter:card\" content=\"summary_large_image\" \/>\n<meta name=\"twitter:label1\" content=\"Est. tempo de leitura\" \/>\n\t<meta name=\"twitter:data1\" content=\"1 minuto\" \/>\n<script type=\"application\/ld+json\" class=\"yoast-schema-graph\">{\"@context\":\"https:\\\/\\\/schema.org\",\"@graph\":[{\"@type\":\"AdvertiserContentArticle\",\"@id\":\"https:\\\/\\\/www.casasparaty.com.br\\\/imoveis\\\/Propriedades\\\/aluguel-mensal-em-paraty\\\/paraty\\\/casa-para-aluguel-mensal-em-paraty-no-bairro-cabore-paraty\\\/#article\",\"isPartOf\":{\"@id\":\"https:\\\/\\\/www.casasparaty.com.br\\\/imoveis\\\/Propriedades\\\/aluguel-mensal-em-paraty\\\/paraty\\\/casa-para-aluguel-mensal-em-paraty-no-bairro-cabore-paraty\\\/\"},\"author\":{\"name\":\"admin\",\"@id\":\"https:\\\/\\\/www.casasparaty.com.br\\\/imoveis\\\/#\\\/schema\\\/person\\\/67702f8ad6aa9c8c7fedcf3c0df0ea70\"},\"headline\":\"Aluguel03 &#8211; J\u00c1 ALUGADA!!! Casa para aluguel mensal em Paraty no bairro Cabor\u00ea &#8211; Paraty\",\"datePublished\":\"2020-07-13T19:38:14+00:00\",\"dateModified\":\"2025-07-28T17:18:22+00:00\",\"mainEntityOfPage\":{\"@id\":\"https:\\\/\\\/www.casasparaty.com.br\\\/imoveis\\\/Propriedades\\\/aluguel-mensal-em-paraty\\\/paraty\\\/casa-para-aluguel-mensal-em-paraty-no-bairro-cabore-paraty\\\/\"},\"wordCount\":150,\"publisher\":{\"@id\":\"https:\\\/\\\/www.casasparaty.com.br\\\/imoveis\\\/#\\\/schema\\\/person\\\/67702f8ad6aa9c8c7fedcf3c0df0ea70\"},\"image\":{\"@id\":\"https:\\\/\\\/www.casasparaty.com.br\\\/imoveis\\\/Propriedades\\\/aluguel-mensal-em-paraty\\\/paraty\\\/casa-para-aluguel-mensal-em-paraty-no-bairro-cabore-paraty\\\/#primaryimage\"},\"thumbnailUrl\":\"https:\\\/\\\/www.casasparaty.com.br\\\/imoveis\\\/wp-content\\\/uploads\\\/2020\\\/07\\\/WhatsApp-Image-2019-11-01-at-10.59.26.jpeg\",\"inLanguage\":\"pt-BR\"},{\"@type\":[\"WebPage\",\"RealEstateListing\"],\"@id\":\"https:\\\/\\\/www.casasparaty.com.br\\\/imoveis\\\/Propriedades\\\/aluguel-mensal-em-paraty\\\/paraty\\\/casa-para-aluguel-mensal-em-paraty-no-bairro-cabore-paraty\\\/\",\"url\":\"https:\\\/\\\/www.casasparaty.com.br\\\/imoveis\\\/Propriedades\\\/aluguel-mensal-em-paraty\\\/paraty\\\/casa-para-aluguel-mensal-em-paraty-no-bairro-cabore-paraty\\\/\",\"name\":\"Aluguel03 - J\u00c1 ALUGADA!!! Casa para aluguel mensal em Paraty no bairro Cabor\u00ea - Paraty - Imobili\u00e1ria Casas Paraty\",\"isPartOf\":{\"@id\":\"https:\\\/\\\/www.casasparaty.com.br\\\/imoveis\\\/#website\"},\"primaryImageOfPage\":{\"@id\":\"https:\\\/\\\/www.casasparaty.com.br\\\/imoveis\\\/Propriedades\\\/aluguel-mensal-em-paraty\\\/paraty\\\/casa-para-aluguel-mensal-em-paraty-no-bairro-cabore-paraty\\\/#primaryimage\"},\"image\":{\"@id\":\"https:\\\/\\\/www.casasparaty.com.br\\\/imoveis\\\/Propriedades\\\/aluguel-mensal-em-paraty\\\/paraty\\\/casa-para-aluguel-mensal-em-paraty-no-bairro-cabore-paraty\\\/#primaryimage\"},\"thumbnailUrl\":\"https:\\\/\\\/www.casasparaty.com.br\\\/imoveis\\\/wp-content\\\/uploads\\\/2020\\\/07\\\/WhatsApp-Image-2019-11-01-at-10.59.26.jpeg\",\"datePublished\":\"2020-07-13T19:38:14+00:00\",\"dateModified\":\"2025-07-28T17:18:22+00:00\",\"breadcrumb\":{\"@id\":\"https:\\\/\\\/www.casasparaty.com.br\\\/imoveis\\\/Propriedades\\\/aluguel-mensal-em-paraty\\\/paraty\\\/casa-para-aluguel-mensal-em-paraty-no-bairro-cabore-paraty\\\/#breadcrumb\"},\"inLanguage\":\"pt-BR\",\"potentialAction\":[{\"@type\":\"ReadAction\",\"target\":[\"https:\\\/\\\/www.casasparaty.com.br\\\/imoveis\\\/Propriedades\\\/aluguel-mensal-em-paraty\\\/paraty\\\/casa-para-aluguel-mensal-em-paraty-no-bairro-cabore-paraty\\\/\"]}]},{\"@type\":\"ImageObject\",\"inLanguage\":\"pt-BR\",\"@id\":\"https:\\\/\\\/www.casasparaty.com.br\\\/imoveis\\\/Propriedades\\\/aluguel-mensal-em-paraty\\\/paraty\\\/casa-para-aluguel-mensal-em-paraty-no-bairro-cabore-paraty\\\/#primaryimage\",\"url\":\"https:\\\/\\\/www.casasparaty.com.br\\\/imoveis\\\/wp-content\\\/uploads\\\/2020\\\/07\\\/WhatsApp-Image-2019-11-01-at-10.59.26.jpeg\",\"contentUrl\":\"https:\\\/\\\/www.casasparaty.com.br\\\/imoveis\\\/wp-content\\\/uploads\\\/2020\\\/07\\\/WhatsApp-Image-2019-11-01-at-10.59.26.jpeg\",\"width\":1080,\"height\":810},{\"@type\":\"BreadcrumbList\",\"@id\":\"https:\\\/\\\/www.casasparaty.com.br\\\/imoveis\\\/Propriedades\\\/aluguel-mensal-em-paraty\\\/paraty\\\/casa-para-aluguel-mensal-em-paraty-no-bairro-cabore-paraty\\\/#breadcrumb\",\"itemListElement\":[{\"@type\":\"ListItem\",\"position\":1,\"name\":\"In\u00edcio\",\"item\":\"https:\\\/\\\/www.casasparaty.com.br\\\/imoveis\\\/\"},{\"@type\":\"ListItem\",\"position\":2,\"name\":\"Properties\",\"item\":\"https:\\\/\\\/www.casasparaty.com.br\\\/imoveis\\\/Propriedades\\\/\"},{\"@type\":\"ListItem\",\"position\":3,\"name\":\"Paraty\",\"item\":\"https:\\\/\\\/www.casasparaty.com.br\\\/imoveis\\\/city\\\/paraty\\\/\"},{\"@type\":\"ListItem\",\"position\":4,\"name\":\"Aluguel03 &#8211; J\u00c1 ALUGADA!!! Casa para aluguel mensal em Paraty no bairro Cabor\u00ea &#8211; Paraty\"}]},{\"@type\":\"WebSite\",\"@id\":\"https:\\\/\\\/www.casasparaty.com.br\\\/imoveis\\\/#website\",\"url\":\"https:\\\/\\\/www.casasparaty.com.br\\\/imoveis\\\/\",\"name\":\"Imobili\u00e1ria Casas Paraty\",\"description\":\"Nosso site tem o compromisso fundamentado com nosso cliente para levar as melhores ofertas e a comodidade de um atendimento diferenciado.\",\"publisher\":{\"@id\":\"https:\\\/\\\/www.casasparaty.com.br\\\/imoveis\\\/#\\\/schema\\\/person\\\/67702f8ad6aa9c8c7fedcf3c0df0ea70\"},\"alternateName\":\"Casas Paraty Im\u00f3veis\",\"potentialAction\":[{\"@type\":\"SearchAction\",\"target\":{\"@type\":\"EntryPoint\",\"urlTemplate\":\"https:\\\/\\\/www.casasparaty.com.br\\\/imoveis\\\/?s={search_term_string}\"},\"query-input\":{\"@type\":\"PropertyValueSpecification\",\"valueRequired\":true,\"valueName\":\"search_term_string\"}}],\"inLanguage\":\"pt-BR\"},{\"@type\":[\"Person\",\"Organization\"],\"@id\":\"https:\\\/\\\/www.casasparaty.com.br\\\/imoveis\\\/#\\\/schema\\\/person\\\/67702f8ad6aa9c8c7fedcf3c0df0ea70\",\"name\":\"admin\",\"image\":{\"@type\":\"ImageObject\",\"inLanguage\":\"pt-BR\",\"@id\":\"https:\\\/\\\/www.casasparaty.com.br\\\/imoveis\\\/wp-content\\\/uploads\\\/2025\\\/06\\\/logo-facebook.png\",\"url\":\"https:\\\/\\\/www.casasparaty.com.br\\\/imoveis\\\/wp-content\\\/uploads\\\/2025\\\/06\\\/logo-facebook.png\",\"contentUrl\":\"https:\\\/\\\/www.casasparaty.com.br\\\/imoveis\\\/wp-content\\\/uploads\\\/2025\\\/06\\\/logo-facebook.png\",\"width\":184,\"height\":200,\"caption\":\"admin\"},\"logo\":{\"@id\":\"https:\\\/\\\/www.casasparaty.com.br\\\/imoveis\\\/wp-content\\\/uploads\\\/2025\\\/06\\\/logo-facebook.png\"},\"url\":\"https:\\\/\\\/www.casasparaty.com.br\\\/imoveis\\\/user\\\/admin\\\/\",\"ownershipFundingInfo\":\"https:\\\/\\\/www.casasparaty.com.br\\\/imoveis\\\/servicos\\\/\"}]}<\/script>\n<!-- \/ Yoast SEO Premium plugin. -->","yoast_head_json":{"title":"Aluguel03 - J\u00c1 ALUGADA!!! Casa para aluguel mensal em Paraty no bairro Cabor\u00ea - Paraty - Imobili\u00e1ria Casas Paraty","robots":{"index":"index","follow":"follow","max-snippet":"max-snippet:-1","max-image-preview":"max-image-preview:large","max-video-preview":"max-video-preview:-1"},"canonical":"https:\/\/www.casasparaty.com.br\/imoveis\/Propriedades\/aluguel-mensal-em-paraty\/paraty\/casa-para-aluguel-mensal-em-paraty-no-bairro-cabore-paraty\/","og_locale":"pt_BR","og_type":"article","og_title":"Aluguel03 - J\u00c1 ALUGADA!!! Casa para aluguel mensal em Paraty no bairro Cabor\u00ea - Paraty - Imobili\u00e1ria Casas Paraty","og_description":"Aluguel03 - J\u00c1 ALUGADA!!! Casa para aluguel mensal em Paraty no bairro Cabor\u00ea - Paraty - Imobili\u00e1ria Casas Paraty","og_url":"https:\/\/www.casasparaty.com.br\/imoveis\/Propriedades\/aluguel-mensal-em-paraty\/paraty\/casa-para-aluguel-mensal-em-paraty-no-bairro-cabore-paraty\/","og_site_name":"Imobili\u00e1ria Casas Paraty","article_modified_time":"2025-07-28T17:18:22+00:00","og_image":[{"width":1080,"height":810,"url":"https:\/\/www.casasparaty.com.br\/imoveis\/wp-content\/uploads\/2020\/07\/WhatsApp-Image-2019-11-01-at-10.59.26.jpeg","type":"image\/jpeg"}],"twitter_card":"summary_large_image","twitter_misc":{"Est. tempo de leitura":"1 minuto"},"schema":{"@context":"https:\/\/schema.org","@graph":[{"@type":"AdvertiserContentArticle","@id":"https:\/\/www.casasparaty.com.br\/imoveis\/Propriedades\/aluguel-mensal-em-paraty\/paraty\/casa-para-aluguel-mensal-em-paraty-no-bairro-cabore-paraty\/#article","isPartOf":{"@id":"https:\/\/www.casasparaty.com.br\/imoveis\/Propriedades\/aluguel-mensal-em-paraty\/paraty\/casa-para-aluguel-mensal-em-paraty-no-bairro-cabore-paraty\/"},"author":{"name":"admin","@id":"https:\/\/www.casasparaty.com.br\/imoveis\/#\/schema\/person\/67702f8ad6aa9c8c7fedcf3c0df0ea70"},"headline":"Aluguel03 &#8211; J\u00c1 ALUGADA!!! Casa para aluguel mensal em Paraty no bairro Cabor\u00ea &#8211; Paraty","datePublished":"2020-07-13T19:38:14+00:00","dateModified":"2025-07-28T17:18:22+00:00","mainEntityOfPage":{"@id":"https:\/\/www.casasparaty.com.br\/imoveis\/Propriedades\/aluguel-mensal-em-paraty\/paraty\/casa-para-aluguel-mensal-em-paraty-no-bairro-cabore-paraty\/"},"wordCount":150,"publisher":{"@id":"https:\/\/www.casasparaty.com.br\/imoveis\/#\/schema\/person\/67702f8ad6aa9c8c7fedcf3c0df0ea70"},"image":{"@id":"https:\/\/www.casasparaty.com.br\/imoveis\/Propriedades\/aluguel-mensal-em-paraty\/paraty\/casa-para-aluguel-mensal-em-paraty-no-bairro-cabore-paraty\/#primaryimage"},"thumbnailUrl":"https:\/\/www.casasparaty.com.br\/imoveis\/wp-content\/uploads\/2020\/07\/WhatsApp-Image-2019-11-01-at-10.59.26.jpeg","inLanguage":"pt-BR"},{"@type":["WebPage","RealEstateListing"],"@id":"https:\/\/www.casasparaty.com.br\/imoveis\/Propriedades\/aluguel-mensal-em-paraty\/paraty\/casa-para-aluguel-mensal-em-paraty-no-bairro-cabore-paraty\/","url":"https:\/\/www.casasparaty.com.br\/imoveis\/Propriedades\/aluguel-mensal-em-paraty\/paraty\/casa-para-aluguel-mensal-em-paraty-no-bairro-cabore-paraty\/","name":"Aluguel03 - J\u00c1 ALUGADA!!! Casa para aluguel mensal em Paraty no bairro Cabor\u00ea - Paraty - Imobili\u00e1ria Casas Paraty","isPartOf":{"@id":"https:\/\/www.casasparaty.com.br\/imoveis\/#website"},"primaryImageOfPage":{"@id":"https:\/\/www.casasparaty.com.br\/imoveis\/Propriedades\/aluguel-mensal-em-paraty\/paraty\/casa-para-aluguel-mensal-em-paraty-no-bairro-cabore-paraty\/#primaryimage"},"image":{"@id":"https:\/\/www.casasparaty.com.br\/imoveis\/Propriedades\/aluguel-mensal-em-paraty\/paraty\/casa-para-aluguel-mensal-em-paraty-no-bairro-cabore-paraty\/#primaryimage"},"thumbnailUrl":"https:\/\/www.casasparaty.com.br\/imoveis\/wp-content\/uploads\/2020\/07\/WhatsApp-Image-2019-11-01-at-10.59.26.jpeg","datePublished":"2020-07-13T19:38:14+00:00","dateModified":"2025-07-28T17:18:22+00:00","breadcrumb":{"@id":"https:\/\/www.casasparaty.com.br\/imoveis\/Propriedades\/aluguel-mensal-em-paraty\/paraty\/casa-para-aluguel-mensal-em-paraty-no-bairro-cabore-paraty\/#breadcrumb"},"inLanguage":"pt-BR","potentialAction":[{"@type":"ReadAction","target":["https:\/\/www.casasparaty.com.br\/imoveis\/Propriedades\/aluguel-mensal-em-paraty\/paraty\/casa-para-aluguel-mensal-em-paraty-no-bairro-cabore-paraty\/"]}]},{"@type":"ImageObject","inLanguage":"pt-BR","@id":"https:\/\/www.casasparaty.com.br\/imoveis\/Propriedades\/aluguel-mensal-em-paraty\/paraty\/casa-para-aluguel-mensal-em-paraty-no-bairro-cabore-paraty\/#primaryimage","url":"https:\/\/www.casasparaty.com.br\/imoveis\/wp-content\/uploads\/2020\/07\/WhatsApp-Image-2019-11-01-at-10.59.26.jpeg","contentUrl":"https:\/\/www.casasparaty.com.br\/imoveis\/wp-content\/uploads\/2020\/07\/WhatsApp-Image-2019-11-01-at-10.59.26.jpeg","width":1080,"height":810},{"@type":"BreadcrumbList","@id":"https:\/\/www.casasparaty.com.br\/imoveis\/Propriedades\/aluguel-mensal-em-paraty\/paraty\/casa-para-aluguel-mensal-em-paraty-no-bairro-cabore-paraty\/#breadcrumb","itemListElement":[{"@type":"ListItem","position":1,"name":"In\u00edcio","item":"https:\/\/www.casasparaty.com.br\/imoveis\/"},{"@type":"ListItem","position":2,"name":"Properties","item":"https:\/\/www.casasparaty.com.br\/imoveis\/Propriedades\/"},{"@type":"ListItem","position":3,"name":"Paraty","item":"https:\/\/www.casasparaty.com.br\/imoveis\/city\/paraty\/"},{"@type":"ListItem","position":4,"name":"Aluguel03 &#8211; J\u00c1 ALUGADA!!! Casa para aluguel mensal em Paraty no bairro Cabor\u00ea &#8211; Paraty"}]},{"@type":"WebSite","@id":"https:\/\/www.casasparaty.com.br\/imoveis\/#website","url":"https:\/\/www.casasparaty.com.br\/imoveis\/","name":"Imobili\u00e1ria Casas Paraty","description":"Nosso site tem o compromisso fundamentado com nosso cliente para levar as melhores ofertas e a comodidade de um atendimento diferenciado.","publisher":{"@id":"https:\/\/www.casasparaty.com.br\/imoveis\/#\/schema\/person\/67702f8ad6aa9c8c7fedcf3c0df0ea70"},"alternateName":"Casas Paraty Im\u00f3veis","potentialAction":[{"@type":"SearchAction","target":{"@type":"EntryPoint","urlTemplate":"https:\/\/www.casasparaty.com.br\/imoveis\/?s={search_term_string}"},"query-input":{"@type":"PropertyValueSpecification","valueRequired":true,"valueName":"search_term_string"}}],"inLanguage":"pt-BR"},{"@type":["Person","Organization"],"@id":"https:\/\/www.casasparaty.com.br\/imoveis\/#\/schema\/person\/67702f8ad6aa9c8c7fedcf3c0df0ea70","name":"admin","image":{"@type":"ImageObject","inLanguage":"pt-BR","@id":"https:\/\/www.casasparaty.com.br\/imoveis\/wp-content\/uploads\/2025\/06\/logo-facebook.png","url":"https:\/\/www.casasparaty.com.br\/imoveis\/wp-content\/uploads\/2025\/06\/logo-facebook.png","contentUrl":"https:\/\/www.casasparaty.com.br\/imoveis\/wp-content\/uploads\/2025\/06\/logo-facebook.png","width":184,"height":200,"caption":"admin"},"logo":{"@id":"https:\/\/www.casasparaty.com.br\/imoveis\/wp-content\/uploads\/2025\/06\/logo-facebook.png"},"url":"https:\/\/www.casasparaty.com.br\/imoveis\/user\/admin\/","ownershipFundingInfo":"https:\/\/www.casasparaty.com.br\/imoveis\/servicos\/"}]}},"_links":{"self":[{"href":"https:\/\/www.casasparaty.com.br\/imoveis\/wp-json\/wp\/v2\/estate\/3609","targetHints":{"allow":["GET"]}}],"collection":[{"href":"https:\/\/www.casasparaty.com.br\/imoveis\/wp-json\/wp\/v2\/estate"}],"about":[{"href":"https:\/\/www.casasparaty.com.br\/imoveis\/wp-json\/wp\/v2\/types\/estate"}],"author":[{"embeddable":true,"href":"https:\/\/www.casasparaty.com.br\/imoveis\/wp-json\/wp\/v2\/users\/1"}],"wp:featuredmedia":[{"embeddable":true,"href":"https:\/\/www.casasparaty.com.br\/imoveis\/wp-json\/wp\/v2\/media\/3625"}],"wp:attachment":[{"href":"https:\/\/www.casasparaty.com.br\/imoveis\/wp-json\/wp\/v2\/media?parent=3609"}],"curies":[{"name":"wp","href":"https:\/\/api.w.org\/{rel}","templated":true}]}}